{"id":2945,"date":"2021-09-06T04:21:31","date_gmt":"2021-09-06T02:21:31","guid":{"rendered":"https:\/\/padovainfoto.it\/?page_id=2945"},"modified":"2022-12-08T00:33:20","modified_gmt":"2022-12-07T23:33:20","slug":"oratorio-san-michele-2","status":"publish","type":"page","link":"https:\/\/padovainfoto.it\/index.php\/oratorio-san-michele-2\/","title":{"rendered":"Oratorio San Michele"},"content":{"rendered":"\t\t<div data-elementor-type=\"wp-page\" data-elementor-id=\"2945\" class=\"elementor elementor-2945\">\n\t\t\t\t\t\t<section class=\"elementor-section elementor-top-section elementor-element elementor-element-5869fc5 elementor-section-boxed elementor-section-height-default elementor-section-height-default\" data-id=\"5869fc5\" data-element_type=\"section\">\n\t\t\t\t\t\t<div class=\"elementor-container elementor-column-gap-default\">\n\t\t\t\t\t<div class=\"elementor-column elementor-col-50 elementor-top-column elementor-element elementor-element-46c7542\" data-id=\"46c7542\" data-element_type=\"column\">\n\t\t\t<div class=\"elementor-widget-wrap elementor-element-populated\">\n\t\t\t\t\t\t<div class=\"elementor-element elementor-element-bb2525e elementor-widget elementor-widget-image\" data-id=\"bb2525e\" data-element_type=\"widget\" data-widget_type=\"image.default\">\n\t\t\t\t<div class=\"elementor-widget-container\">\n\t\t\t\t\t\t\t\t\t\t\t\t\t<img fetchpriority=\"high\" decoding=\"async\" width=\"715\" height=\"894\" src=\"https:\/\/padovainfoto.it\/wp-content\/uploads\/2021\/09\/241452138_1089878391819953_8472450618506648328_n1-819x1024.jpg\" class=\"attachment-large size-large wp-image-2941\" alt=\"\" srcset=\"https:\/\/padovainfoto.it\/wp-content\/uploads\/2021\/09\/241452138_1089878391819953_8472450618506648328_n1-819x1024.jpg 819w, https:\/\/padovainfoto.it\/wp-content\/uploads\/2021\/09\/241452138_1089878391819953_8472450618506648328_n1-240x300.jpg 240w, https:\/\/padovainfoto.it\/wp-content\/uploads\/2021\/09\/241452138_1089878391819953_8472450618506648328_n1-768x960.jpg 768w, https:\/\/padovainfoto.it\/wp-content\/uploads\/2021\/09\/241452138_1089878391819953_8472450618506648328_n1.jpg 1080w\" sizes=\"(max-width: 715px) 100vw, 715px\" \/>\t\t\t\t\t\t\t\t\t\t\t\t\t<\/div>\n\t\t\t\t<\/div>\n\t\t\t\t\t<\/div>\n\t\t<\/div>\n\t\t\t\t<div class=\"elementor-column elementor-col-50 elementor-top-column elementor-element elementor-element-0bdfaa2\" data-id=\"0bdfaa2\" data-element_type=\"column\">\n\t\t\t<div class=\"elementor-widget-wrap elementor-element-populated\">\n\t\t\t\t\t\t<div class=\"elementor-element elementor-element-bf2ee61 elementor-widget elementor-widget-text-editor\" data-id=\"bf2ee61\" data-element_type=\"widget\" data-widget_type=\"text-editor.default\">\n\t\t\t\t<div class=\"elementor-widget-container\">\n\t\t\t\t\t\t\t<p><strong>L\u2019Oratorio di San Michele si trova lungo la Riviera Tiso da Camposampiero, situato vicino alla Torlonga del Castello Carrarese. L\u2019edificio che vediamo oggi \u00e8 un ampliamento di quanto rimane dell\u2019antica chiesa dedicata ai santi Arcangeli, il nome San Michele fu convertito durante l\u2019epoca longobarda, quando San Michele viene proclamato patrono d\u2019Italia dopo la vittoria dei Longobardi sui Bizantini. <\/strong><\/p><p><strong>Ha una storia millenaria caratterizzata da diverse vicissitudini e passaggi di propriet\u00e0. Alla fine del Trecento, sotto l\u2019influenza dei Carraresi fu eretta la Cappella, dopo un incendio scoppiato in seguito alla guerra tra Francesco II Novello da Carrara, ultimo signore di Padova impegnato nella riconquista della citt\u00e0, e i Visconti che si erano assediati a ridosso del Castelvecchio. Nel 1479 \u00e8 affidata alla congregazione veneziana del Santo Spirito. Nel 1656 papa Alessandro VII soppresse le congregazioni per finanziare la guerra contro i turchi, i beni passarono a vari proprietari, insieme al diritto di giuspatronato. <\/strong><strong>Quando viene soppressa, diventa propriet\u00e0 della Repubblica di San Marco e successivamente di monsignor Girolamo Dolfin, patriarca di Aquilea. Con il passare degli anni l\u2019edificio passo a diverse famiglie veneziane: Mocenigo, Pisani, Soranzo e altre. Nel 1815 Francesco Pisani decide di demolirla, si salva solo la parte della navata e la cappella dedicata alla Vergine, grazie all\u2019azione del nobile Tommaso Soranzo. <\/strong><\/p><p><strong>La struttura fu declassata ad Oratorio e per questo fu chiusa al pubblico fino al successivo restauro avvenuto nel 1871. Nell\u2019ultimo restauro fu demolita parte della navata principale della chiesa per creare una piccola abside e un giardino, venne aperto un ingresso nella cappella e rialzato e modificato il soffitto. Verso la fine dell\u2019Ottocento e i primi del Novecento alcuni affreschi della parte settentrionale e occidentale furono staccati e riposizionati su appositi telai in alluminio da Ottorino Nonfarmale. <\/strong><\/p>\t\t\t\t\t\t<\/div>\n\t\t\t\t<\/div>\n\t\t\t\t\t<\/div>\n\t\t<\/div>\n\t\t\t\t\t<\/div>\n\t\t<\/section>\n\t\t\t\t<section class=\"elementor-section elementor-top-section elementor-element elementor-element-688ff05 elementor-section-boxed elementor-section-height-default elementor-section-height-default\" data-id=\"688ff05\" data-element_type=\"section\">\n\t\t\t\t\t\t<div class=\"elementor-container elementor-column-gap-default\">\n\t\t\t\t\t<div class=\"elementor-column elementor-col-100 elementor-top-column elementor-element elementor-element-85e1e94\" data-id=\"85e1e94\" data-element_type=\"column\">\n\t\t\t<div class=\"elementor-widget-wrap elementor-element-populated\">\n\t\t\t\t\t\t<div class=\"elementor-element elementor-element-edc4440 elementor-widget elementor-widget-text-editor\" data-id=\"edc4440\" data-element_type=\"widget\" data-widget_type=\"text-editor.default\">\n\t\t\t\t<div class=\"elementor-widget-container\">\n\t\t\t\t\t\t\t<p><strong>Gli affreschi che decorano la cappella della Beata Vergine Maria furono realizzati nel 1397 da Jacopo da Verona e fanno parte della Padova Urbs Picta \u201cPatrimonio Mondiale dell\u2019Unesco\u201d e rappresentano l\u2019ultima testimonianza della pittura trecentesca e giottesca in citt\u00e0. <\/strong><strong>(Jacopo da Verona, come altri importanti artisti del Trecento, \u00e8 influenzato principalmente dal linguaggio e dallo stile giottesco, ma segue anche l\u2019insegnamento di altri grandi maestri della pittura come Giusto de\u2019 Menabuoi, Altichiero e Jacopo Avanzi). <\/strong><\/p><p><strong>Il committente fu Piero de Bovi, figlio di Bartolomeo e cugino di Piero di Bonaventura, ufficiale della zecca dei Carraresi. A testimonianza di questo \u00e8 stata posta una lapide all\u2019interno, accanto alla figura di San Michele, con un\u2019iscrizione a caratteri gotici.<\/strong><\/p>\t\t\t\t\t\t<\/div>\n\t\t\t\t<\/div>\n\t\t\t\t\t<\/div>\n\t\t<\/div>\n\t\t\t\t\t<\/div>\n\t\t<\/section>\n\t\t\t\t<section class=\"elementor-section elementor-top-section elementor-element elementor-element-60789e1 elementor-section-boxed elementor-section-height-default elementor-section-height-default\" data-id=\"60789e1\" data-element_type=\"section\">\n\t\t\t\t\t\t<div class=\"elementor-container elementor-column-gap-default\">\n\t\t\t\t\t<div class=\"elementor-column elementor-col-100 elementor-top-column elementor-element elementor-element-8c1c560\" data-id=\"8c1c560\" data-element_type=\"column\">\n\t\t\t<div class=\"elementor-widget-wrap elementor-element-populated\">\n\t\t\t\t\t\t<div class=\"elementor-element elementor-element-0bef39c elementor-widget elementor-widget-text-editor\" data-id=\"0bef39c\" data-element_type=\"widget\" data-widget_type=\"text-editor.default\">\n\t\t\t\t<div class=\"elementor-widget-container\">\n\t\t\t\t\t\t\t<p><strong>\u00abM\u030a III LXXXXVII IN\u0304ITO\u0112 V D M\u0112SE SEPTEB\u0304RIS<\/strong><\/p><p><strong>HANC FIERI JUSSIT PETRUS OLIM BARTHOLOMEI<\/strong><\/p><p><strong>DE BOBIS GENITUS PADUANA PROPAGO CAPELL\u0100<\/strong><\/p><p><strong>HVIC TIBI DEVOTO MISERERE PUERPERA VIRGO<\/strong><\/p><p><strong>AD CUIUS LAUDEM PRESENS FUIT ARA DICATA<\/strong><\/p><p><strong>P\u0112SBIT\u0112 HUIC TEMPLO PR\u0112\u0112 NUNC ANTONIUS ALMO<\/strong><\/p><p><strong>PINXIT QUEM GENUIT JACOBUS VERONA FIGURAS\u00bb<\/strong><\/p>\t\t\t\t\t\t<\/div>\n\t\t\t\t<\/div>\n\t\t\t\t\t<\/div>\n\t\t<\/div>\n\t\t\t\t\t<\/div>\n\t\t<\/section>\n\t\t\t\t<section class=\"elementor-section elementor-top-section elementor-element elementor-element-b3d436f elementor-section-boxed elementor-section-height-default elementor-section-height-default\" data-id=\"b3d436f\" data-element_type=\"section\">\n\t\t\t\t\t\t<div class=\"elementor-container elementor-column-gap-default\">\n\t\t\t\t\t<div class=\"elementor-column elementor-col-33 elementor-top-column elementor-element elementor-element-a29f16a\" data-id=\"a29f16a\" data-element_type=\"column\">\n\t\t\t<div class=\"elementor-widget-wrap elementor-element-populated\">\n\t\t\t\t\t\t<div class=\"elementor-element elementor-element-48d33c9 elementor-widget elementor-widget-image\" data-id=\"48d33c9\" data-element_type=\"widget\" data-widget_type=\"image.default\">\n\t\t\t\t<div class=\"elementor-widget-container\">\n\t\t\t\t\t\t\t\t\t\t\t\t\t<img decoding=\"async\" width=\"715\" height=\"715\" src=\"https:\/\/padovainfoto.it\/wp-content\/uploads\/2021\/10\/Alessandro-Pasquali-alessandropasq-Oratorio-S.-Michele.jpg\" class=\"attachment-large size-large wp-image-3242\" alt=\"\" srcset=\"https:\/\/padovainfoto.it\/wp-content\/uploads\/2021\/10\/Alessandro-Pasquali-alessandropasq-Oratorio-S.-Michele.jpg 979w, https:\/\/padovainfoto.it\/wp-content\/uploads\/2021\/10\/Alessandro-Pasquali-alessandropasq-Oratorio-S.-Michele-300x300.jpg 300w, https:\/\/padovainfoto.it\/wp-content\/uploads\/2021\/10\/Alessandro-Pasquali-alessandropasq-Oratorio-S.-Michele-150x150.jpg 150w, https:\/\/padovainfoto.it\/wp-content\/uploads\/2021\/10\/Alessandro-Pasquali-alessandropasq-Oratorio-S.-Michele-768x768.jpg 768w, https:\/\/padovainfoto.it\/wp-content\/uploads\/2021\/10\/Alessandro-Pasquali-alessandropasq-Oratorio-S.-Michele-215x215.jpg 215w\" sizes=\"(max-width: 715px) 100vw, 715px\" \/>\t\t\t\t\t\t\t\t\t\t\t\t\t<\/div>\n\t\t\t\t<\/div>\n\t\t\t\t\t<\/div>\n\t\t<\/div>\n\t\t\t\t<div class=\"elementor-column elementor-col-33 elementor-top-column elementor-element elementor-element-f8177fd\" data-id=\"f8177fd\" data-element_type=\"column\">\n\t\t\t<div class=\"elementor-widget-wrap elementor-element-populated\">\n\t\t\t\t\t\t<div class=\"elementor-element elementor-element-f9e13ae elementor-widget elementor-widget-image\" data-id=\"f9e13ae\" data-element_type=\"widget\" data-widget_type=\"image.default\">\n\t\t\t\t<div class=\"elementor-widget-container\">\n\t\t\t\t\t\t\t\t\t\t\t\t\t<img decoding=\"async\" width=\"715\" height=\"894\" src=\"https:\/\/padovainfoto.it\/wp-content\/uploads\/2021\/10\/Damiano-Eletto-homo_electus-Oratorio-San-Michele-3-819x1024.jpg\" class=\"attachment-large size-large wp-image-3232\" alt=\"\" srcset=\"https:\/\/padovainfoto.it\/wp-content\/uploads\/2021\/10\/Damiano-Eletto-homo_electus-Oratorio-San-Michele-3-819x1024.jpg 819w, https:\/\/padovainfoto.it\/wp-content\/uploads\/2021\/10\/Damiano-Eletto-homo_electus-Oratorio-San-Michele-3-240x300.jpg 240w, https:\/\/padovainfoto.it\/wp-content\/uploads\/2021\/10\/Damiano-Eletto-homo_electus-Oratorio-San-Michele-3-768x960.jpg 768w, https:\/\/padovainfoto.it\/wp-content\/uploads\/2021\/10\/Damiano-Eletto-homo_electus-Oratorio-San-Michele-3.jpg 1080w\" sizes=\"(max-width: 715px) 100vw, 715px\" \/>\t\t\t\t\t\t\t\t\t\t\t\t\t<\/div>\n\t\t\t\t<\/div>\n\t\t\t\t\t<\/div>\n\t\t<\/div>\n\t\t\t\t<div class=\"elementor-column elementor-col-33 elementor-top-column elementor-element elementor-element-8c736da\" data-id=\"8c736da\" data-element_type=\"column\">\n\t\t\t<div class=\"elementor-widget-wrap elementor-element-populated\">\n\t\t\t\t\t\t<div class=\"elementor-element elementor-element-fd81400 elementor-widget elementor-widget-image\" data-id=\"fd81400\" data-element_type=\"widget\" data-widget_type=\"image.default\">\n\t\t\t\t<div class=\"elementor-widget-container\">\n\t\t\t\t\t\t\t\t\t\t\t\t\t<img loading=\"lazy\" decoding=\"async\" width=\"715\" height=\"715\" src=\"https:\/\/padovainfoto.it\/wp-content\/uploads\/2021\/10\/Laura-Garani-lauragarani-Oratorio-San-Michele-1024x1024.jpg\" class=\"attachment-large size-large wp-image-3228\" alt=\"\" srcset=\"https:\/\/padovainfoto.it\/wp-content\/uploads\/2021\/10\/Laura-Garani-lauragarani-Oratorio-San-Michele-1024x1024.jpg 1024w, https:\/\/padovainfoto.it\/wp-content\/uploads\/2021\/10\/Laura-Garani-lauragarani-Oratorio-San-Michele-300x300.jpg 300w, https:\/\/padovainfoto.it\/wp-content\/uploads\/2021\/10\/Laura-Garani-lauragarani-Oratorio-San-Michele-150x150.jpg 150w, https:\/\/padovainfoto.it\/wp-content\/uploads\/2021\/10\/Laura-Garani-lauragarani-Oratorio-San-Michele-768x768.jpg 768w, https:\/\/padovainfoto.it\/wp-content\/uploads\/2021\/10\/Laura-Garani-lauragarani-Oratorio-San-Michele-215x215.jpg 215w, https:\/\/padovainfoto.it\/wp-content\/uploads\/2021\/10\/Laura-Garani-lauragarani-Oratorio-San-Michele.jpg 1080w\" sizes=\"(max-width: 715px) 100vw, 715px\" \/>\t\t\t\t\t\t\t\t\t\t\t\t\t<\/div>\n\t\t\t\t<\/div>\n\t\t\t\t\t<\/div>\n\t\t<\/div>\n\t\t\t\t\t<\/div>\n\t\t<\/section>\n\t\t\t\t<section class=\"elementor-section elementor-top-section elementor-element elementor-element-548535e elementor-section-boxed elementor-section-height-default elementor-section-height-default\" data-id=\"548535e\" data-element_type=\"section\">\n\t\t\t\t\t\t<div class=\"elementor-container elementor-column-gap-default\">\n\t\t\t\t\t<div class=\"elementor-column elementor-col-100 elementor-top-column elementor-element elementor-element-0367091\" data-id=\"0367091\" data-element_type=\"column\">\n\t\t\t<div class=\"elementor-widget-wrap elementor-element-populated\">\n\t\t\t\t\t\t<div class=\"elementor-element elementor-element-b7e647c elementor-widget elementor-widget-text-editor\" data-id=\"b7e647c\" data-element_type=\"widget\" data-widget_type=\"text-editor.default\">\n\t\t\t\t<div class=\"elementor-widget-container\">\n\t\t\t\t\t\t\t<p><strong>Nella prima scena del ciclo, posta sopra l\u2019arco che un tempo collegava la cappella con il resto della chiesa, troviamo la scena dell\u2019Annunciazione, sulla destra una Vergine basita per l\u2019apparizione dell\u2019Arcangelo Gabriele \u00e8 raffigurata nella sua camera da letto con il cagnolino accucciato sulla sedia e il gatto addormentato sul cuscino. Nella scena centrale vicino al colonnato ad archi troviamo una serva di cui si \u00e8 perduto il volto, sta raccogliendo le erbette in un prato pullulante di galline e altri pennuti.\u00a0 <\/strong><strong>Jacopo era bravissimo nei ritratti e ancor di pi\u00f9 nelle figure d\u2019animali, che egli ha collocato un po&#8217; dappertutto nelle sue opere. <\/strong><\/p><p><strong>Nel sottarco si individuano un Vescovo, i Dottori della Chiesa, inseriti in nicchie con volte a crociera, e, all\u2019interno di medaglioni polilobati, i Simboli degli Evangelisti. Vicino all\u2019arco, nella porzione inferiore, campeggia la figura di San Michele, raffigurato nell\u2019atto di pesare con la bilancia le anime dei defunti, probabilmente perch\u00e9 la cappella avrebbe dovuto avere funzioni funerarie.<\/strong><\/p><p><strong>Sulla parete orientale sono rappresentate, attraverso il sistema della narrazione continua, la Nativit\u00e0 di Ges\u00f9, in alto a destra, e l\u2019Adorazione dei Magi, in basso a sinistra. Anche in questa scena troviamo accanto alle pecore, all\u2019asino e al bue del presepio, cammelli, cervi, altri buoi e perfino una scimmia. Al di l\u00e0 delle rocce poste in primo piano si snoda il corteo dei Magi seguiti da alcuni personaggi di prestigio della Padova del trecento, tra i quali Francesco il Vecchio, Francesco Novello da Carrara, Petrarca, ma anche lo stesso Bovi, presentato a capo scoperto in primo piano, tutti raffigurati secondo lo spirito celebrativo del tempo, all\u2019interno di una scena sacra e partecipi all\u2019evento. <\/strong><strong>Seguono l\u2019Ascensione e la Pentecoste e la Morte della Vergine con Cristo che porta in cielo l\u2019animula della Madre.<\/strong><\/p><p><strong>Per quanto riguarda la decorazione della navata della chiesa, sono ancora conservati affreschi databili al XVI secolo: una Deposizione e una figura di San Paolo la cui attribuzione oscilla tra Domenico Campagnola e Stefano dell\u2019Arzere. La pavimentazione in cotto dell\u2019oratorio, a scacchi bianchi e rossi, evoca i colori araldici dei Carraresi, i signori di Padova che esercitarono sulla primitiva chiesa un attivo patronato. Durante i lavori di restauro \u00e8 stato trovato un sarcofago tardo-romano che \u00e8 ora visibile nella sacrestia-biglietteria insieme ai vari reperti emersi durante i lavoroi di scavo.<\/strong><\/p>\t\t\t\t\t\t<\/div>\n\t\t\t\t<\/div>\n\t\t\t\t\t<\/div>\n\t\t<\/div>\n\t\t\t\t\t<\/div>\n\t\t<\/section>\n\t\t\t\t<section class=\"elementor-section elementor-top-section elementor-element elementor-element-7edca88 elementor-section-boxed elementor-section-height-default elementor-section-height-default\" data-id=\"7edca88\" data-element_type=\"section\">\n\t\t\t\t\t\t<div class=\"elementor-container elementor-column-gap-default\">\n\t\t\t\t\t<div class=\"elementor-column elementor-col-100 elementor-top-column elementor-element elementor-element-eaace28\" data-id=\"eaace28\" data-element_type=\"column\">\n\t\t\t<div class=\"elementor-widget-wrap\">\n\t\t\t\t\t\t\t<\/div>\n\t\t<\/div>\n\t\t\t\t\t<\/div>\n\t\t<\/section>\n\t\t\t\t<section class=\"elementor-section elementor-top-section elementor-element elementor-element-3c36e9e elementor-section-boxed elementor-section-height-default elementor-section-height-default\" data-id=\"3c36e9e\" data-element_type=\"section\">\n\t\t\t\t\t\t<div class=\"elementor-container elementor-column-gap-default\">\n\t\t\t\t\t<div class=\"elementor-column elementor-col-100 elementor-top-column elementor-element elementor-element-a3c936d\" data-id=\"a3c936d\" data-element_type=\"column\">\n\t\t\t<div class=\"elementor-widget-wrap elementor-element-populated\">\n\t\t\t\t\t\t<div class=\"elementor-element elementor-element-bbf9744 elementor-widget elementor-widget-text-editor\" data-id=\"bbf9744\" data-element_type=\"widget\" data-widget_type=\"text-editor.default\">\n\t\t\t\t<div class=\"elementor-widget-container\">\n\t\t\t\t\t\t\t<p><strong>Info:<\/strong><strong><br \/>Oratorio di San Michele, piazzetta San Michele 1<br \/>tel. +39 049 660836<br \/>orario: da marted\u00ec a domenica 10:00-13:00<br \/>sabato e domenica anche 15:00-18:00 dal 1 ottobre al 31 maggio \/ 16:00-19:00 dal 1 giugno al 30 settembre<br \/>chiusura: tutti i luned\u00ec non festivi, Natale, S.Stefano, Capodanno, 1 maggio<br \/>biglietti: intero euro 3,00<br \/>ridotto: euro 2,50 gruppi di almeno 10 persone, over 65 cittadini UE, soci di associazioni e convenzionati, residenti di Padova e provincia, dipendenti del Comune di Padova<br \/>ridotto scuole: euro 2,00 ragazzi tra i 6 e i 17 anni, studenti e scolaresche, studenti universitari anche over 26, studenti delle accademie, docenti di ogni ordine e grado<br \/>didattica scuole Padova e provincia: euro 1,00 scuole che partecipano alle attivit\u00e0 didattiche dell&#8217;Amministrazione<br \/>gratuito: fino a 5 anni, persone con disabilit\u00e0 e accompagnatore, giornalista accreditati iscritti all&#8217;albo, docenti che accompagnano un gruppo di studenti, guide nell&#8217;esercizio delle loro funzioni, possessori tessera Icom, residenti di Padova e provincia nella prima domenica del mese.<\/strong><\/p>\t\t\t\t\t\t<\/div>\n\t\t\t\t<\/div>\n\t\t\t\t\t<\/div>\n\t\t<\/div>\n\t\t\t\t\t<\/div>\n\t\t<\/section>\n\t\t\t\t<section class=\"elementor-section elementor-top-section elementor-element elementor-element-3fc8204 elementor-section-boxed elementor-section-height-default elementor-section-height-default\" data-id=\"3fc8204\" data-element_type=\"section\">\n\t\t\t\t\t\t<div class=\"elementor-container elementor-column-gap-default\">\n\t\t\t\t\t<div class=\"elementor-column elementor-col-100 elementor-top-column elementor-element elementor-element-bb48dc7\" data-id=\"bb48dc7\" data-element_type=\"column\">\n\t\t\t<div class=\"elementor-widget-wrap elementor-element-populated\">\n\t\t\t\t\t\t<div class=\"elementor-element elementor-element-dd5596b elementor-align-center elementor-widget elementor-widget-button\" data-id=\"dd5596b\" data-element_type=\"widget\" data-widget_type=\"button.default\">\n\t\t\t\t<div class=\"elementor-widget-container\">\n\t\t\t\t\t<div class=\"elementor-button-wrapper\">\n\t\t\t<a class=\"elementor-button elementor-button-link elementor-size-sm\" href=\"https:\/\/padovainfoto.it\/index.php\/oratorio-san-michele\/\">\n\t\t\t\t\t\t<span class=\"elementor-button-content-wrapper\">\n\t\t\t\t\t\t\t\t\t<span class=\"elementor-button-text\">Galleria Fotografica<\/span>\n\t\t\t\t\t<\/span>\n\t\t\t\t\t<\/a>\n\t\t<\/div>\n\t\t\t\t<\/div>\n\t\t\t\t<\/div>\n\t\t\t\t\t<\/div>\n\t\t<\/div>\n\t\t\t\t\t<\/div>\n\t\t<\/section>\n\t\t\t\t<\/div>\n\t\t","protected":false},"excerpt":{"rendered":"<p>L\u00e2\u0080\u0099Oratorio di San Michele si trova lungo la Riviera Tiso da Camposampiero, situato vicino alla Torlonga del Castello Carrarese. L\u00e2\u0080\u0099edificio che vediamo oggi \u00c3\u00a8<\/p>\n","protected":false},"author":18,"featured_media":0,"parent":0,"menu_order":0,"comment_status":"closed","ping_status":"closed","template":"","meta":{"_exactmetrics_skip_tracking":false,"_exactmetrics_sitenote_active":false,"_exactmetrics_sitenote_note":"","_exactmetrics_sitenote_category":0,"footnotes":""},"_links":{"self":[{"href":"https:\/\/padovainfoto.it\/index.php\/wp-json\/wp\/v2\/pages\/2945"}],"collection":[{"href":"https:\/\/padovainfoto.it\/index.php\/wp-json\/wp\/v2\/pages"}],"about":[{"href":"https:\/\/padovainfoto.it\/index.php\/wp-json\/wp\/v2\/types\/page"}],"author":[{"embeddable":true,"href":"https:\/\/padovainfoto.it\/index.php\/wp-json\/wp\/v2\/users\/18"}],"replies":[{"embeddable":true,"href":"https:\/\/padovainfoto.it\/index.php\/wp-json\/wp\/v2\/comments?post=2945"}],"version-history":[{"count":35,"href":"https:\/\/padovainfoto.it\/index.php\/wp-json\/wp\/v2\/pages\/2945\/revisions"}],"predecessor-version":[{"id":4985,"href":"https:\/\/padovainfoto.it\/index.php\/wp-json\/wp\/v2\/pages\/2945\/revisions\/4985"}],"wp:attachment":[{"href":"https:\/\/padovainfoto.it\/index.php\/wp-json\/wp\/v2\/media?parent=2945"}],"curies":[{"name":"wp","href":"https:\/\/api.w.org\/{rel}","templated":true}]}}