{"id":4345,"date":"2022-09-06T02:58:25","date_gmt":"2022-09-06T00:58:25","guid":{"rendered":"https:\/\/padovainfoto.it\/?page_id=4345"},"modified":"2024-07-17T07:37:43","modified_gmt":"2024-07-17T12:37:43","slug":"oratorio-san-giorgio","status":"publish","type":"page","link":"https:\/\/padovainfoto.it\/index.php\/oratorio-san-giorgio\/","title":{"rendered":"Oratorio San Giorgio"},"content":{"rendered":"\t\t<div data-elementor-type=\"wp-page\" data-elementor-id=\"4345\" class=\"elementor elementor-4345\">\n\t\t\t\t\t\t<section class=\"elementor-section elementor-top-section elementor-element elementor-element-2daa558 elementor-section-boxed elementor-section-height-default elementor-section-height-default\" data-id=\"2daa558\" data-element_type=\"section\">\n\t\t\t\t\t\t<div class=\"elementor-container elementor-column-gap-default\">\n\t\t\t\t\t<div class=\"elementor-column elementor-col-50 elementor-top-column elementor-element elementor-element-a257db1\" data-id=\"a257db1\" data-element_type=\"column\">\n\t\t\t<div class=\"elementor-widget-wrap elementor-element-populated\">\n\t\t\t\t\t\t<div class=\"elementor-element elementor-element-7081d40 elementor-widget elementor-widget-image\" data-id=\"7081d40\" data-element_type=\"widget\" data-widget_type=\"image.default\">\n\t\t\t\t<div class=\"elementor-widget-container\">\n\t\t\t\t\t\t\t\t\t\t\t\t\t<img fetchpriority=\"high\" decoding=\"async\" width=\"715\" height=\"894\" src=\"https:\/\/padovainfoto.it\/wp-content\/uploads\/2022\/09\/Diego-Turetta-faldo2112-Oratorio-San-Giorgio-819x1024.jpg\" class=\"attachment-large size-large wp-image-4371\" alt=\"\" srcset=\"https:\/\/padovainfoto.it\/wp-content\/uploads\/2022\/09\/Diego-Turetta-faldo2112-Oratorio-San-Giorgio-819x1024.jpg 819w, https:\/\/padovainfoto.it\/wp-content\/uploads\/2022\/09\/Diego-Turetta-faldo2112-Oratorio-San-Giorgio-240x300.jpg 240w, https:\/\/padovainfoto.it\/wp-content\/uploads\/2022\/09\/Diego-Turetta-faldo2112-Oratorio-San-Giorgio-768x960.jpg 768w, https:\/\/padovainfoto.it\/wp-content\/uploads\/2022\/09\/Diego-Turetta-faldo2112-Oratorio-San-Giorgio-1229x1536.jpg 1229w, https:\/\/padovainfoto.it\/wp-content\/uploads\/2022\/09\/Diego-Turetta-faldo2112-Oratorio-San-Giorgio.jpg 1440w\" sizes=\"(max-width: 715px) 100vw, 715px\" \/>\t\t\t\t\t\t\t\t\t\t\t\t\t<\/div>\n\t\t\t\t<\/div>\n\t\t\t\t\t<\/div>\n\t\t<\/div>\n\t\t\t\t<div class=\"elementor-column elementor-col-50 elementor-top-column elementor-element elementor-element-e65400d\" data-id=\"e65400d\" data-element_type=\"column\">\n\t\t\t<div class=\"elementor-widget-wrap elementor-element-populated\">\n\t\t\t\t\t\t<div class=\"elementor-element elementor-element-4cb859e elementor-widget elementor-widget-text-editor\" data-id=\"4cb859e\" data-element_type=\"widget\" data-widget_type=\"text-editor.default\">\n\t\t\t\t<div class=\"elementor-widget-container\">\n\t\t\t\t\t\t\t<p>L\u2019Oratorio di san Giorgio si trova in Piazza del Santo a due passi dalla Basilica di Sant\u2019Antonio.\u00a0 Venne fato costruire nel 1377 dal marchese di Soragna Raimondino Lupi come cappella sepolcrale di famiglia (come attesta la lapide collocata sulla facciata) e portata a termine da Bonifacio Lupi, suo esecutore testamentario. Si presenta in stile romanico, con la facciata a forma di capanna, con mattoni a vista, decorata da tre bassorilievi in pietra calcarea di Nanto, al centro \u00e8 raffigurato San Giorgio che uccide il drago, ai lati lo stemma del lupo rampante della famiglia Lupi di Soragna.\u00a0<\/p><p>L\u2019interno lascia davvero senza fiato, si presenta con un\u2019aula unica coperta da volta a botte e con le pareti quasi completamente affrescate, al primo impatto ricorda un po\u2019 la celebre Cappella degli Scrovegni.\u00a0<\/p><p>Il ciclo pittorico, che ricopre una superficie complessiva di pi\u00f9 di 500 mq. con oltre 700 figure, venne commissionato dopo la morte del marchese Raimondino Lupi ad Altichiero da Zevio, artista che aveva gi\u00e0 lavorato per la famiglia Lupi di Soragna nella cappella di San Giacomo, all\u2019interno della Basilia del Santo. Il soffitto \u00e8 dipinto con un cielo stellato attraversato da fasce con motivi floreali, dove sono inseriti busti di santi e cinque tondi per fascia con i simboli degli Evangelisti, dei Profeti e dei Dottori della Chiesa.<\/p><p>Questi affreschi fanno parte dei cicli pittorici della Padova Urbs Picta \u201cPatrimonio dell\u2019Unesco\u201d.<\/p>\t\t\t\t\t\t<\/div>\n\t\t\t\t<\/div>\n\t\t\t\t\t<\/div>\n\t\t<\/div>\n\t\t\t\t\t<\/div>\n\t\t<\/section>\n\t\t\t\t<section class=\"elementor-section elementor-top-section elementor-element elementor-element-941cba4 elementor-section-boxed elementor-section-height-default elementor-section-height-default\" data-id=\"941cba4\" data-element_type=\"section\">\n\t\t\t\t\t\t<div class=\"elementor-container elementor-column-gap-default\">\n\t\t\t\t\t<div class=\"elementor-column elementor-col-25 elementor-top-column elementor-element elementor-element-0b5bf1e\" data-id=\"0b5bf1e\" data-element_type=\"column\">\n\t\t\t<div class=\"elementor-widget-wrap elementor-element-populated\">\n\t\t\t\t\t\t<div class=\"elementor-element elementor-element-5999619 elementor-widget elementor-widget-image\" data-id=\"5999619\" data-element_type=\"widget\" data-widget_type=\"image.default\">\n\t\t\t\t<div class=\"elementor-widget-container\">\n\t\t\t\t\t\t\t\t\t\t\t\t\t<img decoding=\"async\" width=\"715\" height=\"894\" src=\"https:\/\/padovainfoto.it\/wp-content\/uploads\/2022\/09\/Fabian-Frohlich-blindbild.berlin-Oratorio-San-Giorgio-819x1024.jpg\" class=\"attachment-large size-large wp-image-4357\" alt=\"\" srcset=\"https:\/\/padovainfoto.it\/wp-content\/uploads\/2022\/09\/Fabian-Frohlich-blindbild.berlin-Oratorio-San-Giorgio-819x1024.jpg 819w, https:\/\/padovainfoto.it\/wp-content\/uploads\/2022\/09\/Fabian-Frohlich-blindbild.berlin-Oratorio-San-Giorgio-240x300.jpg 240w, https:\/\/padovainfoto.it\/wp-content\/uploads\/2022\/09\/Fabian-Frohlich-blindbild.berlin-Oratorio-San-Giorgio-768x960.jpg 768w, https:\/\/padovainfoto.it\/wp-content\/uploads\/2022\/09\/Fabian-Frohlich-blindbild.berlin-Oratorio-San-Giorgio.jpg 1080w\" sizes=\"(max-width: 715px) 100vw, 715px\" \/>\t\t\t\t\t\t\t\t\t\t\t\t\t<\/div>\n\t\t\t\t<\/div>\n\t\t\t\t\t<\/div>\n\t\t<\/div>\n\t\t\t\t<div class=\"elementor-column elementor-col-25 elementor-top-column elementor-element elementor-element-1002f11\" data-id=\"1002f11\" data-element_type=\"column\">\n\t\t\t<div class=\"elementor-widget-wrap elementor-element-populated\">\n\t\t\t\t\t\t<div class=\"elementor-element elementor-element-e0475c7 elementor-widget elementor-widget-image\" data-id=\"e0475c7\" data-element_type=\"widget\" data-widget_type=\"image.default\">\n\t\t\t\t<div class=\"elementor-widget-container\">\n\t\t\t\t\t\t\t\t\t\t\t\t\t<img decoding=\"async\" width=\"715\" height=\"894\" src=\"https:\/\/padovainfoto.it\/wp-content\/uploads\/2022\/09\/306000871_894046931557071_8981697359660453693_n-819x1024.jpg\" class=\"attachment-large size-large wp-image-4386\" alt=\"\" srcset=\"https:\/\/padovainfoto.it\/wp-content\/uploads\/2022\/09\/306000871_894046931557071_8981697359660453693_n-819x1024.jpg 819w, https:\/\/padovainfoto.it\/wp-content\/uploads\/2022\/09\/306000871_894046931557071_8981697359660453693_n-240x300.jpg 240w, https:\/\/padovainfoto.it\/wp-content\/uploads\/2022\/09\/306000871_894046931557071_8981697359660453693_n-768x960.jpg 768w, https:\/\/padovainfoto.it\/wp-content\/uploads\/2022\/09\/306000871_894046931557071_8981697359660453693_n.jpg 1080w\" sizes=\"(max-width: 715px) 100vw, 715px\" \/>\t\t\t\t\t\t\t\t\t\t\t\t\t<\/div>\n\t\t\t\t<\/div>\n\t\t\t\t\t<\/div>\n\t\t<\/div>\n\t\t\t\t<div class=\"elementor-column elementor-col-25 elementor-top-column elementor-element elementor-element-113ea61\" data-id=\"113ea61\" data-element_type=\"column\">\n\t\t\t<div class=\"elementor-widget-wrap elementor-element-populated\">\n\t\t\t\t\t\t<div class=\"elementor-element elementor-element-595659c elementor-widget elementor-widget-image\" data-id=\"595659c\" data-element_type=\"widget\" data-widget_type=\"image.default\">\n\t\t\t\t<div class=\"elementor-widget-container\">\n\t\t\t\t\t\t\t\t\t\t\t\t\t<img loading=\"lazy\" decoding=\"async\" width=\"715\" height=\"894\" src=\"https:\/\/padovainfoto.it\/wp-content\/uploads\/2022\/09\/305710322_1162070024723340_8572052182084210308_n-819x1024.jpg\" class=\"attachment-large size-large wp-image-4390\" alt=\"\" srcset=\"https:\/\/padovainfoto.it\/wp-content\/uploads\/2022\/09\/305710322_1162070024723340_8572052182084210308_n-819x1024.jpg 819w, https:\/\/padovainfoto.it\/wp-content\/uploads\/2022\/09\/305710322_1162070024723340_8572052182084210308_n-240x300.jpg 240w, https:\/\/padovainfoto.it\/wp-content\/uploads\/2022\/09\/305710322_1162070024723340_8572052182084210308_n-768x960.jpg 768w, https:\/\/padovainfoto.it\/wp-content\/uploads\/2022\/09\/305710322_1162070024723340_8572052182084210308_n.jpg 1080w\" sizes=\"(max-width: 715px) 100vw, 715px\" \/>\t\t\t\t\t\t\t\t\t\t\t\t\t<\/div>\n\t\t\t\t<\/div>\n\t\t\t\t\t<\/div>\n\t\t<\/div>\n\t\t\t\t<div class=\"elementor-column elementor-col-25 elementor-top-column elementor-element elementor-element-8676b90\" data-id=\"8676b90\" data-element_type=\"column\">\n\t\t\t<div class=\"elementor-widget-wrap elementor-element-populated\">\n\t\t\t\t\t\t<div class=\"elementor-element elementor-element-5ec489c elementor-widget elementor-widget-image\" data-id=\"5ec489c\" data-element_type=\"widget\" data-widget_type=\"image.default\">\n\t\t\t\t<div class=\"elementor-widget-container\">\n\t\t\t\t\t\t\t\t\t\t\t\t\t<img loading=\"lazy\" decoding=\"async\" width=\"715\" height=\"894\" src=\"https:\/\/padovainfoto.it\/wp-content\/uploads\/2022\/09\/305580144_1174513339836679_2741804995433505845_n-819x1024.jpg\" class=\"attachment-large size-large wp-image-4389\" alt=\"\" srcset=\"https:\/\/padovainfoto.it\/wp-content\/uploads\/2022\/09\/305580144_1174513339836679_2741804995433505845_n-819x1024.jpg 819w, https:\/\/padovainfoto.it\/wp-content\/uploads\/2022\/09\/305580144_1174513339836679_2741804995433505845_n-240x300.jpg 240w, https:\/\/padovainfoto.it\/wp-content\/uploads\/2022\/09\/305580144_1174513339836679_2741804995433505845_n-768x960.jpg 768w, https:\/\/padovainfoto.it\/wp-content\/uploads\/2022\/09\/305580144_1174513339836679_2741804995433505845_n.jpg 1080w\" sizes=\"(max-width: 715px) 100vw, 715px\" \/>\t\t\t\t\t\t\t\t\t\t\t\t\t<\/div>\n\t\t\t\t<\/div>\n\t\t\t\t\t<\/div>\n\t\t<\/div>\n\t\t\t\t\t<\/div>\n\t\t<\/section>\n\t\t\t\t<section class=\"elementor-section elementor-top-section elementor-element elementor-element-6707ee3 elementor-section-boxed elementor-section-height-default elementor-section-height-default\" data-id=\"6707ee3\" data-element_type=\"section\">\n\t\t\t\t\t\t<div class=\"elementor-container elementor-column-gap-default\">\n\t\t\t\t\t<div class=\"elementor-column elementor-col-100 elementor-top-column elementor-element elementor-element-ad9bb2b\" data-id=\"ad9bb2b\" data-element_type=\"column\">\n\t\t\t<div class=\"elementor-widget-wrap elementor-element-populated\">\n\t\t\t\t\t\t<div class=\"elementor-element elementor-element-b7d9faf elementor-widget elementor-widget-text-editor\" data-id=\"b7d9faf\" data-element_type=\"widget\" data-widget_type=\"text-editor.default\">\n\t\t\t\t<div class=\"elementor-widget-container\">\n\t\t\t\t\t\t\t<p>Le due pareti di lato sono divisi in due fasce sovrapposte:<\/p><p>Parete sinistra, fascia superiore troviamo<\/p><ul><li><em>San Giorgio uccide il Drago<\/em><\/li><li><em>San Giorgio battezza Servio, re di Cirene<\/em><\/li><li><em>Raimondo Lupi, preceduto dai nipoti, dai fratelli e dai genitori, adora il Bambin Ges\u00f9 in grembo alla Vergine in trono<\/em><\/li><\/ul><p>Parete sinistra, fascia inferiore<\/p><ul><li><em>San Giorgio beve il veleno e resta incolume<\/em><\/li><li><em>Due angeli liberano San Giorgio dal supplizio della ruota<\/em><\/li><li><em>San Giorgio con la preghiera fa crollare il tempio dell&#8217;idolo<\/em><\/li><li><em>Decapitazione di San Giorgio<\/em><\/li><\/ul><p>Parete destra, fascia superiore<\/p><ul><li><em>Santa Caterina d&#8217;Alessandria si professa cristiana mentre le compagne rinnegano la fede<\/em><\/li><li><em>Discussione di Santa Caterina d&#8217;Alessandria con i filosofi<\/em><\/li><li><em>Santa Caterina d&#8217;Alessandria sottoposta al tormento della ruota ne \u00e8 miracolosamente liberata<\/em><\/li><li><em>Decapitazione di Santa Caterina d&#8217;Alessandria e sepoltura delle sue spoglie mortali sul monte Sinai<\/em><\/li><\/ul><p>Parete destra, fascia inferiore<\/p><ul><li><em>Santa Lucia da Siracusa irremovibile nella fede davanti al Tribunale di Pascasio<\/em><\/li><li><em>Santa Lucia da Siracusa trascinata inutilmente verso un postribolo<\/em><\/li><li><em>Martirio di Santa Lucia da Siracusa, che rimasta immune all&#8217;olio bollente e al rogo viene pugnalata da uno sgherro<\/em><\/li><li><em>Funerali di Santa Lucia da Siracusa.<\/em><\/li><\/ul><p>Sulla parete dell\u2019altare troviamo:<\/p><ul><li><em>Incoronazione di Maria tra cori angelici<\/em>(lunettone)<\/li><li><em>Crocefissione di Ges\u00f9<\/em><\/li><\/ul><p>Sulla controfacciata troviamo:<\/p><ul><li><em>Annunciazione<\/em>(lunetta)<\/li><li><em>Nascita di Ges\u00f9<\/em><\/li><li><em>Adorazione dei Magi<\/em><\/li><li><em>Fuga in Egitto<\/em><\/li><li><em>Presentazione di Ges\u00f9 al Tempio<\/em><\/li><\/ul>\t\t\t\t\t\t<\/div>\n\t\t\t\t<\/div>\n\t\t\t\t\t<\/div>\n\t\t<\/div>\n\t\t\t\t\t<\/div>\n\t\t<\/section>\n\t\t\t\t<section class=\"elementor-section elementor-top-section elementor-element elementor-element-a55a270 elementor-section-boxed elementor-section-height-default elementor-section-height-default\" data-id=\"a55a270\" data-element_type=\"section\">\n\t\t\t\t\t\t<div class=\"elementor-container elementor-column-gap-default\">\n\t\t\t\t\t<div class=\"elementor-column elementor-col-50 elementor-top-column elementor-element elementor-element-8d38688\" data-id=\"8d38688\" data-element_type=\"column\">\n\t\t\t<div class=\"elementor-widget-wrap elementor-element-populated\">\n\t\t\t\t\t\t<div class=\"elementor-element elementor-element-b93fb1b elementor-widget elementor-widget-image\" data-id=\"b93fb1b\" data-element_type=\"widget\" data-widget_type=\"image.default\">\n\t\t\t\t<div class=\"elementor-widget-container\">\n\t\t\t\t\t\t\t\t\t\t\t\t\t<img loading=\"lazy\" decoding=\"async\" width=\"715\" height=\"715\" src=\"https:\/\/padovainfoto.it\/wp-content\/uploads\/2022\/09\/Eduardo-da-Costa-Campos-eduardo.da_.costa_.69-Oratorio-San-Giorgio-Tomba-1024x1024.jpg\" class=\"attachment-large size-large wp-image-4382\" alt=\"\" srcset=\"https:\/\/padovainfoto.it\/wp-content\/uploads\/2022\/09\/Eduardo-da-Costa-Campos-eduardo.da_.costa_.69-Oratorio-San-Giorgio-Tomba-1024x1024.jpg 1024w, https:\/\/padovainfoto.it\/wp-content\/uploads\/2022\/09\/Eduardo-da-Costa-Campos-eduardo.da_.costa_.69-Oratorio-San-Giorgio-Tomba-300x300.jpg 300w, https:\/\/padovainfoto.it\/wp-content\/uploads\/2022\/09\/Eduardo-da-Costa-Campos-eduardo.da_.costa_.69-Oratorio-San-Giorgio-Tomba-150x150.jpg 150w, https:\/\/padovainfoto.it\/wp-content\/uploads\/2022\/09\/Eduardo-da-Costa-Campos-eduardo.da_.costa_.69-Oratorio-San-Giorgio-Tomba-768x768.jpg 768w, https:\/\/padovainfoto.it\/wp-content\/uploads\/2022\/09\/Eduardo-da-Costa-Campos-eduardo.da_.costa_.69-Oratorio-San-Giorgio-Tomba-215x215.jpg 215w, https:\/\/padovainfoto.it\/wp-content\/uploads\/2022\/09\/Eduardo-da-Costa-Campos-eduardo.da_.costa_.69-Oratorio-San-Giorgio-Tomba.jpg 1080w\" sizes=\"(max-width: 715px) 100vw, 715px\" \/>\t\t\t\t\t\t\t\t\t\t\t\t\t<\/div>\n\t\t\t\t<\/div>\n\t\t\t\t\t<\/div>\n\t\t<\/div>\n\t\t\t\t<div class=\"elementor-column elementor-col-50 elementor-top-column elementor-element elementor-element-ec8eeb8\" data-id=\"ec8eeb8\" data-element_type=\"column\">\n\t\t\t<div class=\"elementor-widget-wrap elementor-element-populated\">\n\t\t\t\t\t\t<div class=\"elementor-element elementor-element-ca99473 elementor-widget elementor-widget-text-editor\" data-id=\"ca99473\" data-element_type=\"widget\" data-widget_type=\"text-editor.default\">\n\t\t\t\t<div class=\"elementor-widget-container\">\n\t\t\t\t\t\t\t<p>La Tomba di Raimondino Lupi di Soragna \u00e8 una delle pi\u00f9 fastose del Trecento in Italia. Anticamente il sarcofago era montato al centro della cappella con un&#8217;architettura simile alle arche scaligere di Verona, era cos\u00ec grande che toccava quasi il soffitto. Il complesso venne poi smontato in et\u00e0 napoleonica ed oggi resta solo il sepolcro, posto lungo la parete destra. L\u2019arca si presenta in pietra incassata a gran quadri di marmo africano, sostenuta da quattro colonne, fermate sopra le schiere di quattro lupi.<\/p><p>Raimondino Lupi era il fratello minore di Bonifacio dei Lupi di Soragna. Si schier\u00f2 con gli imperiali di Carlo IV che lo cre\u00f2 cavaliere e gli restitu\u00ec terre e castelli del parmense sottrattigli dai Visconti. Nel 1338 combatt\u00e9 contro gli scaligeri a fianco dei Carraresi nel vicentino. Nel 1350 si mise al servizio dei fiorentini combattendo nell&#8217;aretino. Ricevette la nomina di vicario imperiale a Lucca e a Pisa. Soggiorn\u00f2 per alcuni anni a Mantova e quindi i Carraresi gli concessero la cittadinanza padovana nel 1376. Mor\u00ec il 30 novembre 1379.<\/p>\t\t\t\t\t\t<\/div>\n\t\t\t\t<\/div>\n\t\t\t\t\t<\/div>\n\t\t<\/div>\n\t\t\t\t\t<\/div>\n\t\t<\/section>\n\t\t\t\t<section class=\"elementor-section elementor-top-section elementor-element elementor-element-c667a7d elementor-section-boxed elementor-section-height-default elementor-section-height-default\" data-id=\"c667a7d\" data-element_type=\"section\">\n\t\t\t\t\t\t<div class=\"elementor-container elementor-column-gap-default\">\n\t\t\t\t\t<div class=\"elementor-column elementor-col-100 elementor-top-column elementor-element elementor-element-99a7e0b\" data-id=\"99a7e0b\" data-element_type=\"column\">\n\t\t\t<div class=\"elementor-widget-wrap elementor-element-populated\">\n\t\t\t\t\t\t<div class=\"elementor-element elementor-element-48329f0 elementor-widget elementor-widget-text-editor\" data-id=\"48329f0\" data-element_type=\"widget\" data-widget_type=\"text-editor.default\">\n\t\t\t\t<div class=\"elementor-widget-container\">\n\t\t\t\t\t\t\t<div id=\"page-title\"><h4 class=\"title\" style=\"text-align: center;\"><strong>Orario per i siti museali del complesso antoniano con biglietto unico<\/strong><\/h4><\/div><div class=\"row\"><section class=\"MainContent col-md-8\"><div id=\"block-system-main\" class=\"block block-system\"><div class=\"content\"><div id=\"node-122260\" class=\"node node-pagina-semplice clearfix\"><div class=\"detail-wrapper\"><div class=\"text\"><ul><li><a href=\"https:\/\/www.santantonio.org\/it\/ba-category-archive\/musei-del-complesso-della-basilica\">Museo Antoniano e Museo della devozione popolare<\/a><\/li><li><a href=\"https:\/\/www.santantonio.org\/it\/content\/oratorio-di-san-giorgio-0\">Oratorio di San Giorgio<\/a><\/li><li><a href=\"https:\/\/www.santantonio.org\/it\/content\/scuola-del-santo-0\">Scuola del Santo (Scoletta)<\/a><\/li><\/ul><p><strong>Da marted\u00ec a domenica, 09.00 \u2013 13.00 e 14.00 \u2013 18.00<\/strong><\/p><p>Chiuso: luned\u00ec, Natale e Capodanno<\/p><p>Biglietterie:<\/p><ul><li><a href=\"https:\/\/www.santantonio.org\/node\/283\">Ufficio Informazioni della Basilica<\/a>\u00a0(entrata dal Chiostro della Magnolia)<\/li><li><a href=\"https:\/\/www.santantonio.org\/node\/30926\">Museo Antoniano<\/a>\u00a0(entrata dal Chiostro del Beato Luca Belludi)<\/li><li>Info <a href=\"tel:+390498225652\" target=\"_blank\" rel=\"noopener\">+ 39 049 8225652<\/a><\/li><li><i class=\"fa-li msa msa-envelope msa-lg\"><\/i>Email \u00a0<a href=\"mailto:infobasilica@santantonio.org\" target=\"_blank\" rel=\"noopener\">infobasilica@santantonio.org<\/a><\/li><\/ul><\/div><\/div><\/div><\/div><\/div><\/section><\/div>\t\t\t\t\t\t<\/div>\n\t\t\t\t<\/div>\n\t\t\t\t\t<\/div>\n\t\t<\/div>\n\t\t\t\t\t<\/div>\n\t\t<\/section>\n\t\t\t\t<section class=\"elementor-section elementor-top-section elementor-element elementor-element-f392045 elementor-section-boxed elementor-section-height-default elementor-section-height-default\" data-id=\"f392045\" data-element_type=\"section\">\n\t\t\t\t\t\t<div class=\"elementor-container elementor-column-gap-default\">\n\t\t\t\t\t<div class=\"elementor-column elementor-col-100 elementor-top-column elementor-element elementor-element-0f6f4d2\" data-id=\"0f6f4d2\" data-element_type=\"column\">\n\t\t\t<div class=\"elementor-widget-wrap elementor-element-populated\">\n\t\t\t\t\t\t<div class=\"elementor-element elementor-element-60564b3 elementor-align-center elementor-widget elementor-widget-button\" data-id=\"60564b3\" data-element_type=\"widget\" data-widget_type=\"button.default\">\n\t\t\t\t<div class=\"elementor-widget-container\">\n\t\t\t\t\t<div class=\"elementor-button-wrapper\">\n\t\t\t<a class=\"elementor-button elementor-button-link elementor-size-sm\" href=\"https:\/\/padovainfoto.it\/index.php\/oratorio-san-giorgio-2\/\">\n\t\t\t\t\t\t<span class=\"elementor-button-content-wrapper\">\n\t\t\t\t\t\t\t\t\t<span class=\"elementor-button-text\">Galleria Fotografica<\/span>\n\t\t\t\t\t<\/span>\n\t\t\t\t\t<\/a>\n\t\t<\/div>\n\t\t\t\t<\/div>\n\t\t\t\t<\/div>\n\t\t\t\t\t<\/div>\n\t\t<\/div>\n\t\t\t\t\t<\/div>\n\t\t<\/section>\n\t\t\t\t<section class=\"elementor-section elementor-top-section elementor-element elementor-element-50deacc elementor-section-boxed elementor-section-height-default elementor-section-height-default\" data-id=\"50deacc\" data-element_type=\"section\">\n\t\t\t\t\t\t<div class=\"elementor-container elementor-column-gap-default\">\n\t\t\t\t\t<div class=\"elementor-column elementor-col-100 elementor-top-column elementor-element elementor-element-b9dd5a6\" data-id=\"b9dd5a6\" data-element_type=\"column\">\n\t\t\t<div class=\"elementor-widget-wrap\">\n\t\t\t\t\t\t\t<\/div>\n\t\t<\/div>\n\t\t\t\t\t<\/div>\n\t\t<\/section>\n\t\t\t\t<\/div>\n\t\t","protected":false},"excerpt":{"rendered":"<p>L\u2019Oratorio di san Giorgio si trova in Piazza del Santo a due passi dalla Basilica di Sant\u2019Antonio.\u00a0 Venne fato costruire nel 1377 dal marchese<\/p>\n","protected":false},"author":18,"featured_media":0,"parent":0,"menu_order":0,"comment_status":"closed","ping_status":"closed","template":"","meta":{"_exactmetrics_skip_tracking":false,"_exactmetrics_sitenote_active":false,"_exactmetrics_sitenote_note":"","_exactmetrics_sitenote_category":0,"footnotes":""},"_links":{"self":[{"href":"https:\/\/padovainfoto.it\/index.php\/wp-json\/wp\/v2\/pages\/4345"}],"collection":[{"href":"https:\/\/padovainfoto.it\/index.php\/wp-json\/wp\/v2\/pages"}],"about":[{"href":"https:\/\/padovainfoto.it\/index.php\/wp-json\/wp\/v2\/types\/page"}],"author":[{"embeddable":true,"href":"https:\/\/padovainfoto.it\/index.php\/wp-json\/wp\/v2\/users\/18"}],"replies":[{"embeddable":true,"href":"https:\/\/padovainfoto.it\/index.php\/wp-json\/wp\/v2\/comments?post=4345"}],"version-history":[{"count":58,"href":"https:\/\/padovainfoto.it\/index.php\/wp-json\/wp\/v2\/pages\/4345\/revisions"}],"predecessor-version":[{"id":11798,"href":"https:\/\/padovainfoto.it\/index.php\/wp-json\/wp\/v2\/pages\/4345\/revisions\/11798"}],"wp:attachment":[{"href":"https:\/\/padovainfoto.it\/index.php\/wp-json\/wp\/v2\/media?parent=4345"}],"curies":[{"name":"wp","href":"https:\/\/api.w.org\/{rel}","templated":true}]}}